{"id":23670,"date":"2018-08-08T16:53:21","date_gmt":"2018-08-08T14:53:21","guid":{"rendered":"https:\/\/www.toshiba-storage.com\/social-media-privacy-policy\/"},"modified":"2022-08-15T09:27:38","modified_gmt":"2022-08-15T07:27:38","slug":"social-media-privacy-policy","status":"publish","type":"page","link":"https:\/\/www.toshiba-storage.com\/it\/social-media-privacy-policy\/","title":{"rendered":"Social Media Privacy Policy"},"content":{"rendered":"<div class=\"wpb-content-wrapper\"><p>[vc_row][vc_column width=&#8221;2\/3&#8243;][vc_column_text]<\/p>\n<p class=\"p1\"><strong>Informativa sulla privacy per la pagina Facebook di Toshiba<\/strong><\/p>\n<p>Data: agosto 2018<\/p>\n<p>Grazie per aver visitato la nostra pagina Facebook. La tutela delle tue informazioni personali \u00e8 molto importante per noi. In questa Informativa sulla privacy vengono fornite informazioni sul trattamento dei tuoi dati personali mentre visiti la nostra pagina Facebook.<\/p>\n<p class=\"p2\"><b>I. <\/b><strong>Chi siamo e come contattarci <\/strong><\/p>\n<p>Facebook Irlanda Limited<br \/>\n4 Grand Canal Square<br \/>\nDublin 2<br \/>\nIrlanda<\/p>\n<p>e<\/p>\n<p>Toshiba Electronics Europe GmbH<br \/>\nHansaallee 181<br \/>\n40549 D\u00fcsseldorf<\/p>\n<p>desono congiuntamente responsabili del trattamento dei tuoi dati. Per qualsiasi domanda inerente il trattamento dei dati eseguito da Facebook e i tuoi diritti al riguardo, contatta il responsabile della protezione dei dati di Facebook tramite l\u2019Informativa sulla privacy di Facebook all\u2019indirizzo https:\/\/www.facebook.com\/about\/privacy\/. Per qualsiasi domanda sul trattamento dei tuoi dati di cui al seguente paragrafo II. A. e i relativi diritti, contatta il nostro responsabile della protezione dei dati: Data Protection Officer, Mr. Johannes Schwiegk, c\/o Datenzeit GmbH, Friedrich-Engels Allee 200, 42285 Wuppertal, Germany, datenschutz@datenzeit.de).<\/p>\n<p class=\"p2\"><b>II. <\/b><strong>Trattamento dei dati rispetto alla visita sulla nostra pagina Facebook <\/strong><\/p>\n<p class=\"p2\"><b>A. <\/b><strong>Modalit\u00e0 di trattamento dei dati\u00a0 <\/strong><\/p>\n<p class=\"p2\"><b>1. Facebook Insights<\/b><\/p>\n<h4><strong>Descrizione e portata del trattamento dei dati:<\/strong><\/h4>\n<p>Utilizziamo la \u201cFacebook Insights\u201d. Sulla base di parametri e intervalli temporali da noi definiti, otteniamo dati statistici in forma anonima forniti da Facebook. Da tali dati non siamo in grado di identificare persone specifiche. I dati statistici includono varie informazioni, ad esempio:<\/p>\n<ul>\n<li>attivit\u00e0 e interazioni (ad es. clic, visualizzazioni), like e copertura della nostra pagina, nostre attivit\u00e0 promozionali, post ed eventi;<\/li>\n<li>numero e attivit\u00e0 temporali dei nostri follower e visitatori, oltre a informazioni statistiche su et\u00e0, sesso e posizione;<\/li>\n<li>statistiche video;<\/li>\n<li>messaggi ricevuti e inviati.<\/li>\n<\/ul>\n<h4><strong>Scopo del trattamento dei dati:<\/strong><\/h4>\n<p>Grazie ai dati statistici, abbiamo a disposizione dati statistici per capire in che modo viene utilizzata la nostra pagina Facebook. Ci\u00f2 ci consente di ottimizzare le attivit\u00e0 sulla nostra pagina e migliorarne e ottimizzarne il design e i contenuti, le attivit\u00e0 promozionali, i post e gli eventi.<\/p>\n<p class=\"p2\"><b>2. <\/b><strong>Notifiche Facebook<\/strong><\/p>\n<h4><strong>Descrizione e portata del trattamento dei dati:<\/strong><\/h4>\n<p>Quando interagisci con la nostra pagina o uno dei nostri post, attivit\u00e0 promozionali ed eventi (ad es. like, condivisione, commento), ti iscrivi alla nostra pagina o ci segui, riceviamo una notifica da Facebook contenente il tuo nome, l\u2019immagine del tuo profilo e la tua interazione.<\/p>\n<p>Questi dati sono accessibili alle persone responsabili all\u2019interno del gruppo Toshiba, oltre che a service provider esterni che ci coadiuvano nel campo delle Public Relations e della gestione dei social network. Tali service provider sono contrattualmente obbligati ad ottemperare ai requisiti inerenti la protezione dei dati e la riservatezza. I service provider che trattano i dati hanno sottoscritto un accordo specifico per assicurare che i dati siano trattati nel rispetto delle nostre istruzioni.<\/p>\n<p>Non possiamo eliminare le notifiche Facebook, i tuoi post o altre interazioni.<\/p>\n<h4><strong>Scopo e base giuridica del trattamento dei dati:<\/strong><\/h4>\n<p>Utilizziamo i dati forniti per vedere chi interagisce con la nostra pagina Facebook e per reagire alle tue interazioni (ad es. commento, like, condivisione). I dati trattati si basano sul nostro interesse legittimo di conseguire tale finalit\u00e0 (Art. 6, sez. 1 del GDPR).<\/p>\n<p class=\"p2\"><b>3. <strong>Contatti <\/strong><\/b><\/p>\n<h4><strong>Descrizione e portata del trattamento dei dati:<\/strong><\/h4>\n<p>Quando ci contatti tramite Facebook, trattiamo le informazioni che ci fornisci quali il tuo nome utente, l\u2019immagine del tuo profilo, il tuo interesse e le tue informazioni di contatto. Puoi contattarci senza fornire informazioni quali il tuo nome reale e le tue informazioni di contatto.<\/p>\n<p>Questi dati sono accessibili alle persone responsabili all\u2019interno del gruppo Toshiba, oltre che a service provider esterni che ci coadiuvano nel campo delle Public Relations e della gestione dei social network. Tali service provider sono contrattualmente obbligati ad ottemperare ai requisiti inerenti la protezione dei dati e la riservatezza. I service provider che trattano i dati hanno sottoscritto un accordo specifico per assicurare che i dati siano trattati nel rispetto delle nostre istruzioni.<\/p>\n<p>Archiviamo i dati per il tempo necessario al conseguimento delle finalit\u00e0 descritte di seguito. Tuttavia, non possiamo cancellare i tuoi post, commenti o altre interazioni su Facebook.<\/p>\n<p><strong>Scopo e base giuridica del trattamento dei dati:<\/strong><\/p>\n<p>Trattiamo i tuoi dati per gestire le tue richieste. I dati trattati si basano sul nostro interesse legittimo di conseguire tale finalit\u00e0 (Art. 6, sez. 1 del GDPR).<\/p>\n<p class=\"p2\"><b>4. <\/b><strong>Lotterie <\/strong><\/p>\n<h4><strong>Descrizione e portata del trattamento dei dati:<\/strong><\/h4>\n<p>Quando partecipi a lotterie sulla nostra pagina Facebook, trattiamo i dati personali che ci fornisci quali il tuo nome utente, l\u2019immagine del tuo profilo, il tuo nome reale e le tue informazioni di contatto. Indicheremo il nome utente del vincitore in un commento e chiederemo all\u2019utente di inviarci l\u2019indirizzo postale tramite e-mail.<\/p>\n<p>Questi dati sono accessibili alle persone responsabili all\u2019interno del gruppo Toshiba, oltre che a service provider esterni che ci coadiuvano nel campo delle Public Relations e della gestione dei social network. Tali service provider sono contrattualmente obbligati ad ottemperare ai requisiti inerenti la protezione dei dati e la riservatezza. I service provider che trattano i dati hanno sottoscritto un accordo specifico per assicurare che i dati siano trattati nel rispetto delle nostre istruzioni.<\/p>\n<p>I tuoi dati saranno archiviati per il tempo necessario all\u2019esecuzione della lotteria. Tuttavia, non possiamo cancellare i tuoi post, commenti o altre interazioni su Facebook.<\/p>\n<p><strong>Scopo e base giuridica del trattamento dei dati:<\/strong><\/p>\n<p>I tuoi dati personali sono trattati esclusivamente per le finalit\u00e0 della lotteria. La base giuridica per il trattamento dei dati \u00e8 la necessit\u00e0 di eseguire un contratto (Art. 6, sez. 1 b del GDPR).<\/p>\n<p class=\"p2\"><b>B. <\/b><strong>Modalit\u00e0 di trattamento dei dati di Facebook<\/strong><\/p>\n<p class=\"p2\">Quando visiti la nostra pagina Facebook, Facebook raccoglie e tratta vari dati personali ottenuti tramite cookie e altre tecnologie di tracciamento e forniti da te e terze parti, ad esempio per creare statistiche per Facebook Insights, fornire misurazioni e analisi per gli inserzionisti, personalizzare funzionalit\u00e0 e contenuti e per ricerche di mercato. Facebook condivide tali dati con altre aziende del gruppo Facebook e terze parti e trasferisce i dati a Paesi terzi al di fuori dell\u2019Unione Europea quali gli Stati Uniti. Per ulteriori informazioni sulla portata e sullo scopo, oltre che sulle basi giuridiche inerenti il trattamento dei dati di Facebook e sulle tue opzioni di controllo, visita l\u2019Informativa sulla privacy dei dati di Facebook <a href=\"https:\/\/www.facebook.com\/about\/privacy\/\">https:\/\/www.facebook.com\/about\/privacy\/<\/a>, l\u2019informativa sui cookie https:\/\/www.facebook.com\/policies\/cookies e informazioni https:\/\/www.facebook.com\/help\/568137493302217 su come configurare l\u2019utilizzo dei tuoi dati personali da parte di Facebook.<\/p>\n<p class=\"p2\"><b>III. <strong>I tuoi diritti come soggetto dei dati <\/strong><\/b><\/p>\n<p>Secondo gli Articoli da 15 a 21 e 77 del GDPR e qualora siano soddisfatte le condizioni legali, puoi esercitare i seguenti diritti. Tieni presente che possiamo tutelare i tuoi diritti esclusivamente in merito alle nostre modalit\u00e0 di trattamento dei tuoi dati di cui alla precedente sez. II. A. Per esercitare i tuoi diritti rispetto al trattamento dei dati di Facebook, contatta direttamente Facebook.<\/p>\n<p class=\"p2\"><strong>Informazioni<\/strong><\/p>\n<p class=\"p2\">In qualsiasi momento puoi richiedere a noi e a Facebook quali delle tue informazioni personali sono trattate e di ricevere copia dei dati personali archiviati (Art. 15 del GDPR). Tieni presente che ulteriori copie dei dati personali potrebbero essere a pagamento.<\/p>\n<p class=\"p2\"><strong>Correzione<\/strong><\/p>\n<p class=\"p2\">Puoi richiedere la correzione dei dati personali non corretti e l\u2019integrazione dei dati personali incompleti (Art. 16 del GDPR).<\/p>\n<p class=\"p2\"><b>Cancellazione<\/b><\/p>\n<p class=\"p2\">Puoi richiedere la cancellazione dei tuoi dati. Tuttavia questo diritto non \u00e8 applicabile ai dati ritenuti necessari ai fini dell\u2019esecuzione dei contratti e per l\u2019asserzione, l\u2019esercizio e la difesa delle richieste legali e dei dati soggetti all\u2019obbligo giuridico di conservazione (Art. 17 del GDPR).<\/p>\n<p class=\"p2\"><strong>Limitazione del trattamento<\/strong><\/p>\n<p class=\"p2\">In determinate circostanze, puoi richiedere di limitare il trattamento dei dati, ad esempio se ritieni che i tuoi dati non siano corretti, se il trattamento non \u00e8 legittimo o se ti opponi al trattamento dei dati. In questo caso, i tuoi dati potrebbero essere trattati esclusivamente in misura limitata senza il tuo consenso, ad esempio per l\u2019asserzione, l\u2019esercizio e la difesa delle richieste legali avanzate o per la protezione dei diritti di altre entit\u00e0 naturali e legali (Art. 18 del GDPR).<\/p>\n<p class=\"p2\"><strong>Opposizione al trattamento dei dati<\/strong><\/p>\n<p class=\"p2\">In qualsiasi momento puoi scegliere di opporti al trattamento dei dati per scopi di marketing diretto. Inoltre, per motivi speciali, in qualsiasi momento puoi opporti al trattamento dei dati eseguito sulla base di un interesse legittimo (Art. 21 del GDPR).<\/p>\n<p class=\"p2\"><strong>Annullamento del consenso<\/strong><\/p>\n<p class=\"p2\">In qualsiasi momento puoi revocare il consenso al trattamento dei dati personali con effetto futuro. La revoca non inficia la legalit\u00e0 del trattamento dei dati antecedente e non si estende a qualsiasi trattamento dei dati esercitato un altra base giuridica.<\/p>\n<p class=\"p2\"><strong>Portabilit\u00e0 dei dati<\/strong><\/p>\n<p class=\"p2\">Hai diritto di ricevere i dati forniti e che noi o Facebook elaboriamo sulla base del tuo consenso o per ottemperare al contratto in un formato elettronico standard per richiedere la trasmissione diretta di tali dati a terze parti (Art. 20 del GDPR).<\/p>\n<p class=\"p2\"><strong>Diritto di presentare reclamo al Garante per la protezione dei dati personali<\/strong><\/p>\n<p class=\"p2\">Se ritieni che la nostra procedura di trattamento dei dati non sia legittima o che a Facebook o a noi non sono stati concessi i diritti di cui sopra nella misura necessaria, hai diritto di presentare un reclamo presso il rispettivo Garante per la protezione dei dai personali.<\/p>\n<p>[\/vc_column_text][\/vc_column][\/vc_row][vc_row][vc_column width=&#8221;2\/3&#8243;][vc_separator color=&#8221;black&#8221; align=&#8221;align_left&#8221;][\/vc_column][\/vc_row][vc_row][vc_column width=&#8221;2\/3&#8243;][vc_column_text]<strong>Informazioni specifiche sull\u2019utilizzo di LinkedIn<\/strong><\/p>\n<p>Data: dicembre 2019<\/p>\n<p><strong>1. Ambito e responsabilit\u00e0 per il trattamento dei dati personali<\/strong><br \/>\nNel nostro sito Web (www.toshiba-storage.com) vengono utilizzati i cosiddetti plug-in della rete professionale LinkedIn. Il plug-in sono pulsanti che reindirizzano i visitatori a ulteriori contenuti presenti su LinkedIn. L\u2019operatore del sito Web LinkedIn \u00e8 LinkedIn Ireland Unlimited Company, Wilton Place, Dublin 2, Ireland (\u201cLinkedIn\u201d).<\/p>\n<p>Congiuntamente con LinkedIn, siamo responsabili del trattamento dei dati personali dell\u2019utente derivanti dall\u2019utilizzo del plug-in LinkedIn sul nostro sito Web. Di seguito vengono fornite informazioni sulle procedure di trattamento dei dati personali per i quali siamo responsabili. Per ulteriori informazioni sulle procedure di trattamento dei dati personali di LinkedIn, contattare l\u2019operatore del sito Web LinkedIn (ai contatti riportati sopra) oppure utilizzare il modulo di contatto disponibile all\u2019indirizzo https:\/\/www.linkedin.com\/help\/linkedin\/ask\/TSO-DPO oppure contattare il Responsabile della protezione dei dati di LinkedIn all\u2019indirizzo https:\/\/www.linkedin.com\/help\/linkedin\/ask\/TSO-DPO.<\/p>\n<p>Ogni volta che viene richiamata una pagina del nostro sito Web contenente il plug-in LinkedIn, viene stabilita una connessione con i server di LinkedIn. Indipendentemente dal fatto che sia stato selezionato o meno dall\u2019utente, il plug-in LinkedIn sul nostro sito Web registra automaticamente quali pagine sono state visitate, anche se l\u2019utente non possiede un account LinkedIn o se non ha effettuato l\u2019accesso al proprio account LinkedIn. Tali informazioni sono trasferite a LinkedIn. Nel caso in cui venga richiamata una delle nostre pagine contenente il plug-in mentre \u00e8 stato eseguito l\u2019accesso all\u2019account LinkedIn, l\u2019utente consente a LinkedIn di associare il proprio comportamento di navigazione al profilo LinkedIn personale. Per qualsiasi trasferimento di dati personali negli Stati Uniti, LinkedIn \u00e8 soggetto all\u2019accordo EU-US Privacy Shield (Scudo UE-USA per la Privacy) https:\/\/www.privacyshield.gov\/participant?id=a2zt0000000L0UZAA0&amp;status=Active. Ulteriori informazioni sulle modalit\u00e0 di raccolta e trattamento dei dati personali da parte di LinkedIn sono disponibili nell\u2019Informativa sulla privacy di LinkedIn all\u2019indirizzo https:\/\/www.linkedin.com\/legal\/privacy-policy.<\/p>\n<p><strong>2. Base giuridica per il trattamento dei dati personali<\/strong><br \/>\nLa raccolta dei dati personali di cui sopra alla Sezione 1 \u201cAmbito e responsabilit\u00e0 per il trattamento dei dati personali\u201d e la trasmissione di tali dati personali a LinkedIn viene condotta nel rispetto dell\u2019Art. 6 (1) (f) del GDPR sulla base dei nostri legittimi interessi di promozione dei prodotti e di ottimizzazione delle comunicazioni con i visitatori dei nostri siti Web.<br \/>\nL\u2019utente ha diritto a opporsi al trattamento dei propri dati personali sulla base dell\u2019Art. 6 (1) (f) del GDPR. Per informazioni dettagliate, vedere la Sezione 11 (Privacy Policy) \u201cCome accedere alle informazioni personali e altri diritti dell\u2019utente\u201d.<\/p>\n<p><strong>3. Scopo del trattamento dei dati<\/strong><br \/>\nUtilizziamo il plug-in LinkedIn per offrire una presentazione accattivante dei nostri servizi online e per offrire comunicazioni e informazioni utili ai visitatori dei nostri siti Web e\/o agli utenti di LinkedIn. Ci\u00f2 aiuta anche a promuovere ulteriormente la nostra azienda e i nostri prodotti e ad ampliare la nostra rete.<\/p>\n<p><strong>4. Periodo di conservazione<\/strong><br \/>\nLe informazioni raccolte dal plug-in LinkedIn sono conservate momentaneamente solo per il periodo necessario a espletare gli scopi menzionati sopra.<\/p>\n<p><strong>5. Opzioni di configurazione e diritti dei soggetti dei dati<\/strong><br \/>\nUlteriori impostazioni correlate all\u2019utilizzo dei dati personali sono disponibili all\u2019indirizzo https:\/\/www.linkedin.com\/psettings\/guest-controls\/retargeting-opt-out.<\/p>\n<p>Ulteriori informazioni sui diritti dei soggetti dei dati sono disponibili nella Sezione 11 (Privacy Policy) \u201cCome accedere alle informazioni personali e altri diritti dell\u2019utente\u201d.[\/vc_column_text][\/vc_column][\/vc_row][vc_row][vc_column width=&#8221;2\/3&#8243;][vc_separator color=&#8221;black&#8221; align=&#8221;align_left&#8221;][\/vc_column][\/vc_row][vc_row][vc_column width=&#8221;2\/3&#8243;][vc_column_text]<strong>Informazioni specifiche sull\u2019utilizzo di YouTube <\/strong><\/p>\n<p>Data: dicembre 2019<\/p>\n<p><strong>1. Ambito e responsabilit\u00e0 per il trattamento dei dati personali<\/strong><br \/>\nNel nostro sito Web (www.toshiba.semicon-storage.com) vengono utilizzati i cosiddetti plug-in di YouTube. Il plug-in sono pulsanti che reindirizzano i visitatori a ulteriori contenuti presenti su YouTube. L\u2019operatore del servizio YouTube nell\u2019Area economica europea e in Svizzera \u00e8 Google Ireland Limited, Gordon House, Barrow Street, Dublin 4, Ireland (\u201cGoogle\u201d).<\/p>\n<p>Congiuntamente con Google, siamo responsabili del trattamento dei dati personali dell\u2019utente derivanti dall\u2019utilizzo del plug-in YouTube sul nostro sito Web. Di seguito vengono fornite informazioni sulle procedure di trattamento dei dati personali per i quali siamo responsabili. Per ulteriori informazioni sulle procedure di trattamento dei dati personali di Google, contattare Google (ai contatti riportati sopra) oppure utilizzare il modulo di contatto disponibile all\u2019indirizzo https:\/\/support.google.com\/youtube\/#topic=9257498 oppure contattare il Responsabile della protezione dei dati di YouTube all\u2019indirizzo https:\/\/policies.google.com\/privacy.<\/p>\n<p>Ogni volta che viene richiamata una pagina del nostro sito Web contenente il plug-in Google, viene stabilita una connessione con i server di Google. Indipendentemente dal fatto che sia stato selezionato o meno dall\u2019utente, il plug-in YouTube sul nostro sito Web registra automaticamente quali pagine sono state visitate, anche se l\u2019utente non possiede un account YouTube o se non ha effettuato l\u2019accesso al proprio account YouTube. Tali informazioni sono trasferite a Google. Nel caso in cui venga richiamata una delle nostre pagine contenente il plug-in mentre \u00e8 stato eseguito l\u2019accesso all\u2019account YouTube, l\u2019utente consente a Google di associare il proprio comportamento di navigazione al profilo YouTube personale.<br \/>\nPer qualsiasi trasferimento di dati personali negli Stati Uniti, Google \u00e8 soggetto all\u2019accordo EU-US Privacy Shield (Scudo UE-USA per la Privacy) https:\/\/www.privacyshield.gov\/participant?id=a2zt000000001L5AAI&amp;status=Active. Ulteriori informazioni sulle modalit\u00e0 di raccolta e trattamento dei dati personali da parte di Google sono disponibili nell\u2019Informativa sulla privacy di Google all\u2019indirizzo https:\/\/www.google.de\/intl\/de\/policies\/privacy.<\/p>\n<p><strong>2. Base giuridica per il trattamento dei dati personali<\/strong><br \/>\nLa raccolta dei dati personali di cui sopra alla Sezione 1 \u201cAmbito e responsabilit\u00e0 per il trattamento dei dati personali\u201d e la trasmissione di tali dati personali a Google viene condotta nel rispetto dell\u2019Art. 6 (1) (f) del GDPR sulla base dei nostri legittimi interessi di promozione dei prodotti e di ottimizzazione delle comunicazioni con i visitatori dei nostri siti Web.<br \/>\nL\u2019utente ha diritto a opporsi al trattamento dei propri dati personali sulla base dell\u2019Art. 6 (1) (f) del GDPR. Per informazioni dettagliate, vedere la Sezione 11 (Privacy Policy) \u201cCome accedere alle informazioni personali e altri diritti dell\u2019utente\u201d.<\/p>\n<p><strong>3. Scopo del trattamento dei dati<\/strong><br \/>\nUtilizziamo il plug-in YouTube per offrire una presentazione accattivante dei nostri servizi online e per offrire comunicazioni e informazioni utili ai visitatori dei nostri siti Web e\/o agli utenti di YouTube. Ci\u00f2 aiuta anche a promuovere ulteriormente la nostra azienda e i nostri prodotti e ad ampliare la nostra rete.<\/p>\n<p><strong>4. Periodo di conservazione<\/strong><br \/>\nLe informazioni raccolte dal plug-in YouTube sono conservate momentaneamente solo per il periodo necessario a espletare gli scopi menzionati sopra.<\/p>\n<p><strong>5. Opzioni di configurazione e diritti dei soggetti dei dati<\/strong><br \/>\nUlteriori impostazioni correlate all\u2019utilizzo dei dati personali sono disponibili all\u2019indirizzo https:\/\/support.google.com\/youtube\/topic\/9257518?hl=de&amp;ref_topic=9257107.<\/p>\n<p>Ulteriori informazioni sui diritti dei soggetti dei dati sono disponibili nella Sezione 11 (Privacy Policy) \u201cCome accedere alle informazioni personali e altri diritti dell\u2019utente\u201d.[\/vc_column_text][\/vc_column][\/vc_row]<\/p>\n<\/div>","protected":false},"excerpt":{"rendered":"<p>[vc_row][vc_column width=&#8221;2\/3&#8243;][vc_column_text] Informativa sulla privacy per la pagina Facebook di Toshiba Data: agosto 2018 Grazie per aver visitato la nostra pagina Facebook. La tutela delle tue informazioni personali \u00e8 molto importante per noi. In questa Informativa sulla privacy vengono fornite informazioni sul trattamento dei tuoi dati personali mentre visiti la nostra pagina Facebook. I. Chi &hellip;<\/p>\n","protected":false},"author":22,"featured_media":0,"parent":0,"menu_order":0,"comment_status":"closed","ping_status":"closed","template":"page-legal.php","meta":{"_acf_changed":false,"footnotes":""},"class_list":["post-23670","page","type-page","status-publish","hentry"],"acf":[],"yoast_head":"<!-- This site is optimized with the Yoast SEO Premium plugin v27.4 (Yoast SEO v27.4) - https:\/\/yoast.com\/product\/yoast-seo-premium-wordpress\/ -->\n<title>Social Media Privacy Policy - EMEA<\/title>\n<meta name=\"robots\" content=\"index, follow, max-snippet:-1, max-image-preview:large, max-video-preview:-1\" \/>\n<link rel=\"canonical\" href=\"https:\/\/www.toshiba-storage.com\/it\/social-media-privacy-policy\/\" \/>\n<meta property=\"og:locale\" content=\"it_IT\" \/>\n<meta property=\"og:type\" content=\"article\" \/>\n<meta property=\"og:title\" content=\"Social Media Privacy Policy\" \/>\n<meta property=\"og:description\" content=\"[vc_row][vc_column width=&#8221;2\/3&#8243;][vc_column_text] Informativa sulla privacy per la pagina Facebook di Toshiba Data: agosto 2018 Grazie per aver visitato la nostra pagina Facebook. La tutela delle tue informazioni personali \u00e8 molto importante per noi. In questa Informativa sulla privacy vengono fornite informazioni sul trattamento dei tuoi dati personali mentre visiti la nostra pagina Facebook. I. Chi &hellip;\" \/>\n<meta property=\"og:url\" content=\"https:\/\/www.toshiba-storage.com\/it\/social-media-privacy-policy\/\" \/>\n<meta property=\"og:site_name\" content=\"EMEA\" \/>\n<meta property=\"article:publisher\" content=\"https:\/\/www.facebook.com\/ToshibaStorageEU\/\" \/>\n<meta property=\"article:modified_time\" content=\"2022-08-15T07:27:38+00:00\" \/>\n<meta name=\"twitter:card\" content=\"summary_large_image\" \/>\n<meta name=\"twitter:label1\" content=\"Est. reading time\" \/>\n\t<meta name=\"twitter:data1\" content=\"14 minutes\" \/>\n<script type=\"application\/ld+json\" class=\"yoast-schema-graph\">{\"@context\":\"https:\\\/\\\/schema.org\",\"@graph\":[{\"@type\":\"WebPage\",\"@id\":\"https:\\\/\\\/www.toshiba-storage.com\\\/it\\\/social-media-privacy-policy\\\/\",\"url\":\"https:\\\/\\\/www.toshiba-storage.com\\\/it\\\/social-media-privacy-policy\\\/\",\"name\":\"Social Media Privacy Policy - EMEA\",\"isPartOf\":{\"@id\":\"https:\\\/\\\/www.toshiba-storage.com\\\/it\\\/#website\"},\"datePublished\":\"2018-08-08T14:53:21+00:00\",\"dateModified\":\"2022-08-15T07:27:38+00:00\",\"inLanguage\":\"it-IT\",\"potentialAction\":[{\"@type\":\"ReadAction\",\"target\":[\"https:\\\/\\\/www.toshiba-storage.com\\\/it\\\/social-media-privacy-policy\\\/\"]}]},{\"@type\":\"WebSite\",\"@id\":\"https:\\\/\\\/www.toshiba-storage.com\\\/it\\\/#website\",\"url\":\"https:\\\/\\\/www.toshiba-storage.com\\\/it\\\/\",\"name\":\"Toshiba Storage Solutions \u2013 EMEA Region\",\"description\":\"Toshiba in Europe and Middle East Asia provides reliable and innovative storage solutions and internal and external HDDs \u2013for Laptops, PC, NAS, Surveillance and Enterprise.\",\"publisher\":{\"@id\":\"https:\\\/\\\/www.toshiba-storage.com\\\/it\\\/#organization\"},\"potentialAction\":[{\"@type\":\"SearchAction\",\"target\":{\"@type\":\"EntryPoint\",\"urlTemplate\":\"https:\\\/\\\/www.toshiba-storage.com\\\/it\\\/?s={search_term_string}\"},\"query-input\":{\"@type\":\"PropertyValueSpecification\",\"valueRequired\":true,\"valueName\":\"search_term_string\"}}],\"inLanguage\":\"it-IT\"},{\"@type\":\"Organization\",\"@id\":\"https:\\\/\\\/www.toshiba-storage.com\\\/it\\\/#organization\",\"name\":\"Toshiba Electronics Europe GmbH\",\"url\":\"https:\\\/\\\/www.toshiba-storage.com\\\/it\\\/\",\"logo\":{\"@type\":\"ImageObject\",\"inLanguage\":\"it-IT\",\"@id\":\"https:\\\/\\\/www.toshiba-storage.com\\\/it\\\/#\\\/schema\\\/logo\\\/image\\\/\",\"url\":\"https:\\\/\\\/www.toshiba-storage.com\\\/wp\\\/wp-content\\\/uploads\\\/2024\\\/02\\\/toshiba-logo.png\",\"contentUrl\":\"https:\\\/\\\/www.toshiba-storage.com\\\/wp\\\/wp-content\\\/uploads\\\/2024\\\/02\\\/toshiba-logo.png\",\"width\":263,\"height\":40,\"caption\":\"Toshiba Electronics Europe GmbH\"},\"image\":{\"@id\":\"https:\\\/\\\/www.toshiba-storage.com\\\/it\\\/#\\\/schema\\\/logo\\\/image\\\/\"},\"sameAs\":[\"https:\\\/\\\/www.facebook.com\\\/ToshibaStorageEU\\\/\",\"https:\\\/\\\/www.linkedin.com\\\/company\\\/toshiba-electronics-europe-gmbh\\\/?originalSubdomain=de\",\"https:\\\/\\\/www.youtube.com\\\/user\\\/ToshibaElectronics1\"]}]}<\/script>\n<!-- \/ Yoast SEO Premium plugin. -->","yoast_head_json":{"title":"Social Media Privacy Policy - EMEA","robots":{"index":"index","follow":"follow","max-snippet":"max-snippet:-1","max-image-preview":"max-image-preview:large","max-video-preview":"max-video-preview:-1"},"canonical":"https:\/\/www.toshiba-storage.com\/it\/social-media-privacy-policy\/","og_locale":"it_IT","og_type":"article","og_title":"Social Media Privacy Policy","og_description":"[vc_row][vc_column width=&#8221;2\/3&#8243;][vc_column_text] Informativa sulla privacy per la pagina Facebook di Toshiba Data: agosto 2018 Grazie per aver visitato la nostra pagina Facebook. La tutela delle tue informazioni personali \u00e8 molto importante per noi. In questa Informativa sulla privacy vengono fornite informazioni sul trattamento dei tuoi dati personali mentre visiti la nostra pagina Facebook. I. Chi &hellip;","og_url":"https:\/\/www.toshiba-storage.com\/it\/social-media-privacy-policy\/","og_site_name":"EMEA","article_publisher":"https:\/\/www.facebook.com\/ToshibaStorageEU\/","article_modified_time":"2022-08-15T07:27:38+00:00","twitter_card":"summary_large_image","twitter_misc":{"Est. reading time":"14 minutes"},"schema":{"@context":"https:\/\/schema.org","@graph":[{"@type":"WebPage","@id":"https:\/\/www.toshiba-storage.com\/it\/social-media-privacy-policy\/","url":"https:\/\/www.toshiba-storage.com\/it\/social-media-privacy-policy\/","name":"Social Media Privacy Policy - EMEA","isPartOf":{"@id":"https:\/\/www.toshiba-storage.com\/it\/#website"},"datePublished":"2018-08-08T14:53:21+00:00","dateModified":"2022-08-15T07:27:38+00:00","inLanguage":"it-IT","potentialAction":[{"@type":"ReadAction","target":["https:\/\/www.toshiba-storage.com\/it\/social-media-privacy-policy\/"]}]},{"@type":"WebSite","@id":"https:\/\/www.toshiba-storage.com\/it\/#website","url":"https:\/\/www.toshiba-storage.com\/it\/","name":"Toshiba Storage Solutions \u2013 EMEA Region","description":"Toshiba in Europe and Middle East Asia provides reliable and innovative storage solutions and internal and external HDDs \u2013for Laptops, PC, NAS, Surveillance and Enterprise.","publisher":{"@id":"https:\/\/www.toshiba-storage.com\/it\/#organization"},"potentialAction":[{"@type":"SearchAction","target":{"@type":"EntryPoint","urlTemplate":"https:\/\/www.toshiba-storage.com\/it\/?s={search_term_string}"},"query-input":{"@type":"PropertyValueSpecification","valueRequired":true,"valueName":"search_term_string"}}],"inLanguage":"it-IT"},{"@type":"Organization","@id":"https:\/\/www.toshiba-storage.com\/it\/#organization","name":"Toshiba Electronics Europe GmbH","url":"https:\/\/www.toshiba-storage.com\/it\/","logo":{"@type":"ImageObject","inLanguage":"it-IT","@id":"https:\/\/www.toshiba-storage.com\/it\/#\/schema\/logo\/image\/","url":"https:\/\/www.toshiba-storage.com\/wp\/wp-content\/uploads\/2024\/02\/toshiba-logo.png","contentUrl":"https:\/\/www.toshiba-storage.com\/wp\/wp-content\/uploads\/2024\/02\/toshiba-logo.png","width":263,"height":40,"caption":"Toshiba Electronics Europe GmbH"},"image":{"@id":"https:\/\/www.toshiba-storage.com\/it\/#\/schema\/logo\/image\/"},"sameAs":["https:\/\/www.facebook.com\/ToshibaStorageEU\/","https:\/\/www.linkedin.com\/company\/toshiba-electronics-europe-gmbh\/?originalSubdomain=de","https:\/\/www.youtube.com\/user\/ToshibaElectronics1"]}]}},"_links":{"self":[{"href":"https:\/\/www.toshiba-storage.com\/it\/wp-json\/wp\/v2\/pages\/23670","targetHints":{"allow":["GET"]}}],"collection":[{"href":"https:\/\/www.toshiba-storage.com\/it\/wp-json\/wp\/v2\/pages"}],"about":[{"href":"https:\/\/www.toshiba-storage.com\/it\/wp-json\/wp\/v2\/types\/page"}],"author":[{"embeddable":true,"href":"https:\/\/www.toshiba-storage.com\/it\/wp-json\/wp\/v2\/users\/22"}],"replies":[{"embeddable":true,"href":"https:\/\/www.toshiba-storage.com\/it\/wp-json\/wp\/v2\/comments?post=23670"}],"version-history":[{"count":0,"href":"https:\/\/www.toshiba-storage.com\/it\/wp-json\/wp\/v2\/pages\/23670\/revisions"}],"wp:attachment":[{"href":"https:\/\/www.toshiba-storage.com\/it\/wp-json\/wp\/v2\/media?parent=23670"}],"curies":[{"name":"wp","href":"https:\/\/api.w.org\/{rel}","templated":true}]}}